{"id":101,"date":"2017-04-14T16:25:07","date_gmt":"2017-04-14T16:25:07","guid":{"rendered":"https:\/\/tradroit.click\/futur\/?page_id=101"},"modified":"2017-05-17T04:13:29","modified_gmt":"2017-05-17T04:13:29","slug":"43-2","status":"publish","type":"page","link":"https:\/\/tradroit.click\/futur\/369-2\/43-2\/","title":{"rendered":"43"},"content":{"rendered":"<p>d&#8217;une r\u00e9partition pr\u00e9cise des champs d&#8217;imp\u00f4t.&nbsp; Nous ferions bien de nous rappeler qu&#8217;il est aussi difficile de pr\u00e9dire les transformations technologiques, sociales ou internationales qui, dans trente ans, auront accru le r\u00f4le des gouvernements provinciaux ou f\u00e9d\u00e9ral, qu&#8217;il l&#8217;aurait \u00e9t\u00e9 de pr\u00e9dire les transformations survenues entre 1938 et 1968.<\/p>\n<p>Notre quatri\u00e8me proposition g\u00e9n\u00e9rale concernant la r\u00e9partition des comp\u00e9tences a trait aux effets in\u00e9vitables de l&#8217;activit\u00e9 de chaque gouvernement sur l&#8217;activit\u00e9 des autres.&nbsp; Cela s&#8217;applique tant aux programmes particuliers qu&#8217;\u00e0 l&#8217;activit\u00e9 des pouvoirs publics dans sa totalit\u00e9.&nbsp; Par exemple, les mesures de redistribution du revenu f\u00e9d\u00e9ral ont in\u00e9vitablement un effet sur les programmes provinciaux de s\u00e9curit\u00e9 sociale, tandis que les politiques provinciales sur la mise en valeur des ressources affectent in\u00e9vitablement le taux de croissance de l&#8217;\u00e9conomie nationale.&nbsp; De la m\u00eame fa\u00e7on, l&#8217;utilisation globale, par toutes les provinces, de leur pouvoir de d\u00e9penser des fonds publics et de leur pouvoir d&#8217;emprunt affecte in\u00e9vitablement les politiques f\u00e9d\u00e9rales en mati\u00e8re de fiscalit\u00e9, de monnaie et de balance des paiements, tandis que les d\u00e9penses f\u00e9d\u00e9rales influent de diverses fa\u00e7ons sur les politiques provinciales.&nbsp; \u00c9videmment, le volume total des d\u00e9penses de chacun des deux ordres de gouvernement affecte les priorit\u00e9s de l&#8217;autre ordre.<\/p>\n<p>Nous nous demandons s&#8217;il est encore bien r\u00e9aliste de s&#8217;attendre qu&#8217;on puisse d\u00e9couvrir quelque formule pr\u00e9cise de r\u00e9partition des comp\u00e9tences qui permette d&#8217;\u00e9viter cette situation.&nbsp; Le rem\u00e8de ne se trouverait-il pas plut\u00f4t dans des consultations intergouvemementales o\u00f9 les int\u00e9ress\u00e9s chercheraient \u00e0 s&#8217;influencer mutuellement avant que les d\u00e9cisions soient finalement prises.&nbsp; Un tel rem\u00e8de a \u00e9t\u00e9 prescrit si souvent qu&#8217;il para\u00eet banal.&nbsp;  Cependant, il y a beaucoup \u00e0 faire, ne serait-ce que pour en venir \u00e0 comprendre les processus selon lesquels les gouvernements peuvent exercer une influence les uns sur les autres, sans mentionner le perfectionnement des m\u00e9canismes de consultation entre gouvernements.&nbsp; Quant \u00e0 la participation de chacun des deux ordres de gouvernement aux d\u00e9cisions m\u00eames de l&#8217;autre, elle ne constitue pas une r\u00e9ponse facile aux probl\u00e8mes de consultation r\u00e9ciproque:&nbsp; le gouvernement f\u00e9d\u00e9ral doit continuer de rendre des comptes au Parlement, et les gouvernements provinciaux, aux l\u00e9gislatures; les conf\u00e9rences f\u00e9d\u00e9rales-provinciales doivent, \u00e0 notre avis, permettre d&#8217;exercer l&#8217;art d&#8217;influencer au lieu du pouvoir de d\u00e9cider.<\/p>\n<p>Les gouvernements, tant f\u00e9d\u00e9ral que provinciaux, reconna\u00eetront aussi qu&#8217;il y a une question non encore r\u00e9solue:&nbsp; le gouvernement f\u00e9d\u00e9ral doit-il exercer un r\u00f4le quand l&#8217;\u00abint\u00e9r\u00eat national\u00bb est vis\u00e9 par l&#8217;existence (ou l&#8217;absence) de certains programmes provinciaux, ou les gouvernements provinciaux doivent-ils exercer un r\u00f4le quand l&#8217;\u00abint\u00e9r\u00eat provincial\u00bb est concern\u00e9 par l&#8217;existence (ou l&#8217;absence) de programmes nationaux?&nbsp; Les exemples abondent:&nbsp; ce que les provinces font ou ne font pas au sujet de l&#8217;am\u00e9nagement urbain influe incontestablement sur l&#8217;int\u00e9r\u00eat national, et ce que le gouvernement f\u00e9d\u00e9ral fait ou ne fait pas au sujet de la politique<br \/>\n&nbsp;<br \/>\n43<br \/>\n&nbsp;<\/p>\n","protected":false},"excerpt":{"rendered":"<p>d&#8217;une r\u00e9partition pr\u00e9cise des champs d&#8217;imp\u00f4t.&nbsp; Nous ferions bien de nous rappeler qu&#8217;il est aussi difficile de pr\u00e9dire les transformations technologiques, sociales ou internationales qui, dans trente ans, auront accru le r\u00f4le des gouvernements provinciaux ou f\u00e9d\u00e9ral, qu&#8217;il l&#8217;aurait \u00e9t\u00e9 de pr\u00e9dire les transformations survenues entre 1938 et 1968. Notre quatri\u00e8me proposition g\u00e9n\u00e9rale concernant la&#8230;<\/p>\n<p class=\"more-link-wrap\"><a href=\"https:\/\/tradroit.click\/futur\/369-2\/43-2\/\" class=\"more-link\">Read More<span class=\"screen-reader-text\"> &ldquo;43&rdquo;<\/span> &raquo;<\/a><\/p>\n","protected":false},"author":1,"featured_media":0,"parent":369,"menu_order":43,"comment_status":"closed","ping_status":"open","template":"","meta":{"footnotes":""},"class_list":["post-101","page","type-page","status-publish","hentry"],"_links":{"self":[{"href":"https:\/\/tradroit.click\/futur\/wp-json\/wp\/v2\/pages\/101","targetHints":{"allow":["GET"]}}],"collection":[{"href":"https:\/\/tradroit.click\/futur\/wp-json\/wp\/v2\/pages"}],"about":[{"href":"https:\/\/tradroit.click\/futur\/wp-json\/wp\/v2\/types\/page"}],"author":[{"embeddable":true,"href":"https:\/\/tradroit.click\/futur\/wp-json\/wp\/v2\/users\/1"}],"replies":[{"embeddable":true,"href":"https:\/\/tradroit.click\/futur\/wp-json\/wp\/v2\/comments?post=101"}],"version-history":[{"count":0,"href":"https:\/\/tradroit.click\/futur\/wp-json\/wp\/v2\/pages\/101\/revisions"}],"up":[{"embeddable":true,"href":"https:\/\/tradroit.click\/futur\/wp-json\/wp\/v2\/pages\/369"}],"wp:attachment":[{"href":"https:\/\/tradroit.click\/futur\/wp-json\/wp\/v2\/media?parent=101"}],"curies":[{"name":"wp","href":"https:\/\/api.w.org\/{rel}","templated":true}]}}