{"id":61,"date":"2017-04-14T16:19:38","date_gmt":"2017-04-14T16:19:38","guid":{"rendered":"https:\/\/tradroit.click\/futur\/?page_id=61"},"modified":"2024-04-12T04:34:04","modified_gmt":"2024-04-12T04:34:04","slug":"5-2","status":"publish","type":"page","link":"https:\/\/tradroit.click\/futur\/le-federalisme\/5-2\/","title":{"rendered":"5"},"content":{"rendered":"<p>Il ne sert pas \u00e0 grand-chose d&#8217;argumenter quant \u00e0 savoir ce que l&#8217;on entendait r\u00e9aliser ou non en 1867, jusqu&#8217;o\u00f9 certaines dispositions \u00e9taient cens\u00e9es aller, ou sur chaque autre aspect d&#8217;un diff\u00e9rend qui tend \u00e0 devenir acad\u00e9mique.&nbsp; Comme nos pr\u00e9d\u00e9cesseurs, nous devrions d&#8217;abord nous fonder sur les r\u00e9alit\u00e9s de la vie canadienne, telles que nous les constatons, au lieu de r\u00e9criminer au sujet de ce qui \u00e9tait envisag\u00e9 au d\u00e9part ou de ce qui aurait d\u00fb \u00eatre.&nbsp; Il y a deux faits que ne saurait nier quiconque consid\u00e8re la situation impartialement.&nbsp; L&#8217;un est que les Canadiens de langue et de culture fran\u00e7aises n&#8217;ont pas les m\u00eames possibilit\u00e9s que ceux de langue anglaise de vivre leur vie, d&#8217;\u00e9lever leurs enfants ou de donner, eux et leurs enfants, leur pleine mesure partout au Canada dans leur propre langue.&nbsp; L&#8217;autre fait, qui semble tout aussi clair, est que nous n&#8217;avons pas, au Canada, depuis un si\u00e8cle, song\u00e9 assez s\u00e9rieusement \u00e0 ce que nous pourrions faire&nbsp;&#8212; au moyen de lois et de politiques ad\u00e9quates ainsi que par l&#8217;initiative personnelle&nbsp;&#8212; pour offrir des occasions \u00e9gales, sur le plan \u00e9conomique et culturel, qui seraient aussi vraies pour les Canadiens d&#8217;origine fran\u00e7aise que pour les Canadiens anglophones.&nbsp; Les cons\u00e9quences pourraient \u00eatre s\u00e9rieuses.<\/p>\n<p>Il existe d&#8217;autres probl\u00e8mes au sein de notre F\u00e9d\u00e9ration.&nbsp; En d\u00e9pit d&#8217;un d\u00e9veloppement dont tous ont profit\u00e9, les in\u00e9galit\u00e9s d&#8217;une r\u00e9gion \u00e0 l&#8217;autre demeurent consid\u00e9rables.&nbsp; Les perspectives \u00e9conomiques des Canadiens de certaines r\u00e9gions demeurent plus limit\u00e9es que celles des habitants d&#8217;autres r\u00e9gions.&nbsp; Si, durant le deuxi\u00e8me si\u00e8cle de son existence, le Canada doit aider ses citoyens \u00e0 r\u00e9aliser leurs buts et aspirations l\u00e9gitimes, nous devons avoir pour objectif de donner un sens r\u00e9el et profond \u00e0 l&#8217;\u00e9galit\u00e9 des occasions.&nbsp; C&#8217;est seulement en cr\u00e9ant ce sentiment d&#8217;\u00e9galit\u00e9&nbsp;&#8212; \u00e9galit\u00e9 des occasions offertes \u00e0 tous les Canadiens, quels que soient leur langue ou leur h\u00e9ritage culturel et o\u00f9 qu&#8217;ils d\u00e9cident de s&#8217;\u00e9tablir&nbsp;&#8212; que nous saurons donner au Canada un but qui r\u00e9ponde \u00e0 l&#8217;attente l\u00e9gitime de ses citoyens.&nbsp; C&#8217;est seulement si nous adoptons des mesures inspir\u00e9es par cette conviction&nbsp;&#8212; savoir que nous comptons faire de l&#8217;\u00e9galit\u00e9 des occasions une r\u00e9alisation aussi bien qu&#8217;un objectif&nbsp;&#8212; que nous pourrons pr\u00e9server l&#8217;unit\u00e9 du pays.<\/p>\n<p><strong>Constitutions et r\u00e9alit\u00e9s<\/strong><\/p>\n<p>Le gouvernement du Canada se propose de faire en sorte que la Conf\u00e9rence de f\u00e9vrier 1968 marque le d\u00e9but d&#8217;un processus de revision de la Constitution, revision \u00e0 la fois vaste et profonde, et il esp\u00e8re que les gouvernements provinciaux seront d&#8217;accord avec lui.&nbsp; Si nous voulons \u00eatre s\u00fbrs que les meilleures dispositions possibles ordonnent et r\u00e9gissent les rapports entre Canadiens, dans le Canada de l&#8217;avenir, nous devons avoir \u00e0 c\u0153ur d&#8217;examiner tous les aspects de nos lois fondamentales.&nbsp; Le gouvernement du Canada est dispose \u00e0 entreprendre cette revue compl\u00e8te.<\/p>\n<p>En nous engageant dans une r\u00e9\u00e9valuation de la Constitution, gardons-nous n\u00e9anmoins de l&#8217;erreur de pr\u00e9tendre qu&#8217;une nouvelle Constitution est une sorte de formule magique pouvant se substituer aux actes et \u00e0 la mani\u00e8re de penser.&nbsp; Ne prenons pas non plus pour acquis qu&#8217;il nous faudra.<br \/>\n&nbsp;<br \/>\n5<br \/>\n&nbsp;<br \/>\n96030\u201421\u00bd<br \/>\n&nbsp;<\/p>\n","protected":false},"excerpt":{"rendered":"<p>Il ne sert pas \u00e0 grand-chose d&#8217;argumenter quant \u00e0 savoir ce que l&#8217;on entendait r\u00e9aliser ou non en 1867, jusqu&#8217;o\u00f9 certaines dispositions \u00e9taient cens\u00e9es aller, ou sur chaque autre aspect d&#8217;un diff\u00e9rend qui tend \u00e0 devenir acad\u00e9mique.&nbsp; Comme nos pr\u00e9d\u00e9cesseurs, nous devrions d&#8217;abord nous fonder sur les r\u00e9alit\u00e9s de la vie canadienne, telles que nous&#8230;<\/p>\n<p class=\"more-link-wrap\"><a href=\"https:\/\/tradroit.click\/futur\/le-federalisme\/5-2\/\" class=\"more-link\">Read More<span class=\"screen-reader-text\"> &ldquo;5&rdquo;<\/span> &raquo;<\/a><\/p>\n","protected":false},"author":1,"featured_media":0,"parent":8,"menu_order":0,"comment_status":"closed","ping_status":"open","template":"","meta":{"footnotes":""},"class_list":["post-61","page","type-page","status-publish","hentry"],"_links":{"self":[{"href":"https:\/\/tradroit.click\/futur\/wp-json\/wp\/v2\/pages\/61","targetHints":{"allow":["GET"]}}],"collection":[{"href":"https:\/\/tradroit.click\/futur\/wp-json\/wp\/v2\/pages"}],"about":[{"href":"https:\/\/tradroit.click\/futur\/wp-json\/wp\/v2\/types\/page"}],"author":[{"embeddable":true,"href":"https:\/\/tradroit.click\/futur\/wp-json\/wp\/v2\/users\/1"}],"replies":[{"embeddable":true,"href":"https:\/\/tradroit.click\/futur\/wp-json\/wp\/v2\/comments?post=61"}],"version-history":[{"count":2,"href":"https:\/\/tradroit.click\/futur\/wp-json\/wp\/v2\/pages\/61\/revisions"}],"predecessor-version":[{"id":430,"href":"https:\/\/tradroit.click\/futur\/wp-json\/wp\/v2\/pages\/61\/revisions\/430"}],"up":[{"embeddable":true,"href":"https:\/\/tradroit.click\/futur\/wp-json\/wp\/v2\/pages\/8"}],"wp:attachment":[{"href":"https:\/\/tradroit.click\/futur\/wp-json\/wp\/v2\/media?parent=61"}],"curies":[{"name":"wp","href":"https:\/\/api.w.org\/{rel}","templated":true}]}}